{"version":"1.0","provider_name":"Globe Aroma vzw","provider_url":"https:\/\/www.globearoma.be\/fr\/","author_name":"Alice","author_url":"https:\/\/www.globearoma.be\/fr\/author\/alice\/","title":"S\u00e9ance de photos d\u2019\u0153uvres \u00e0 Globe Aroma - Globe Aroma vzw","type":"rich","width":600,"height":338,"html":"<blockquote class=\"wp-embedded-content\" data-secret=\"vgqkDHJddc\"><a href=\"https:\/\/www.globearoma.be\/fr\/evenement\/kunstwerken-fotoshoot-bij-globe-aroma\/\">S\u00e9ance de photos d\u2019\u0153uvres \u00e0 Globe Aroma<\/a><\/blockquote><iframe sandbox=\"allow-scripts\" security=\"restricted\" src=\"https:\/\/www.globearoma.be\/fr\/evenement\/kunstwerken-fotoshoot-bij-globe-aroma\/embed\/#?secret=vgqkDHJddc\" width=\"600\" height=\"338\" title=\"\u00ab\u00a0S\u00e9ance de photos d\u2019\u0153uvres \u00e0 Globe Aroma\u00a0\u00bb &#8212; Globe Aroma vzw\" data-secret=\"vgqkDHJddc\" frameborder=\"0\" marginwidth=\"0\" marginheight=\"0\" scrolling=\"no\" class=\"wp-embedded-content\"><\/iframe><script type=\"text\/javascript\">\n\/* <![CDATA[ *\/\n\/*! This file is auto-generated *\/\n!function(d,l){\"use strict\";l.querySelector&&d.addEventListener&&\"undefined\"!=typeof URL&&(d.wp=d.wp||{},d.wp.receiveEmbedMessage||(d.wp.receiveEmbedMessage=function(e){var t=e.data;if((t||t.secret||t.message||t.value)&&!\/[^a-zA-Z0-9]\/.test(t.secret)){for(var s,r,n,a=l.querySelectorAll('iframe[data-secret=\"'+t.secret+'\"]'),o=l.querySelectorAll('blockquote[data-secret=\"'+t.secret+'\"]'),c=new RegExp(\"^https?:$\",\"i\"),i=0;i<o.length;i++)o[i].style.display=\"none\";for(i=0;i<a.length;i++)s=a[i],e.source===s.contentWindow&&(s.removeAttribute(\"style\"),\"height\"===t.message?(1e3<(r=parseInt(t.value,10))?r=1e3:~~r<200&&(r=200),s.height=r):\"link\"===t.message&&(r=new URL(s.getAttribute(\"src\")),n=new URL(t.value),c.test(n.protocol))&&n.host===r.host&&l.activeElement===s&&(d.top.location.href=t.value))}},d.addEventListener(\"message\",d.wp.receiveEmbedMessage,!1),l.addEventListener(\"DOMContentLoaded\",function(){for(var e,t,s=l.querySelectorAll(\"iframe.wp-embedded-content\"),r=0;r<s.length;r++)(t=(e=s[r]).getAttribute(\"data-secret\"))||(t=Math.random().toString(36).substring(2,12),e.src+=\"#?secret=\"+t,e.setAttribute(\"data-secret\",t)),e.contentWindow.postMessage({message:\"ready\",secret:t},\"*\")},!1)))}(window,document);\n\/* ]]> *\/\n<\/script>\n","thumbnail_url":"https:\/\/www.globearoma.be\/wp-content\/uploads\/2025\/10\/artwork-photoshooting_nov-25-1.jpg","thumbnail_width":1080,"thumbnail_height":1080,"description":"Le vendredi 7 novembre, de 12h00 \u00e0 20h00, Globe Aroma organise une s\u00e9ance professionnelle de photos d\u2019\u0153uvres avec la photographe Menna Eldiaby. Cette s\u00e9ance permettra de r\u00e9aliser des images haute r\u00e9solution des \u0153uvres, pour les utiliser dans portfolios, sites web ou candidatures professionnelles. &#x1f3a8; R\u00e9serv\u00e9 aux\/\u00e0 les artistes actif.ve.s dans l\u2019espace artistique &#x1f4cd; Lieu :..."}